{"id":12021,"date":"2021-06-25T09:39:00","date_gmt":"2021-06-25T09:39:00","guid":{"rendered":"https:\/\/quoartis.org\/?page_id=12021"},"modified":"2025-01-09T12:56:36","modified_gmt":"2025-01-09T12:56:36","slug":"press","status":"publish","type":"page","link":"https:\/\/quoartis.org\/ca\/press\/","title":{"rendered":""},"content":{"rendered":"<div class=\"vce-row-container\" data-vce-boxed-width=\"true\"><div class=\"vce-row vce-row--col-gap-30 vce-row-equal-height vce-row-content--top\" id=\"el-2cc449e0\" data-vce-do-apply=\"all el-2cc449e0\"><div class=\"vce-content-background-container\"><\/div><div class=\"vce-row-content\" data-vce-element-content=\"true\"><div class=\"vce-col vce-col--md-auto vce-col--xs-1 vce-col--xs-last vce-col--xs-first vce-col--sm-last vce-col--sm-first vce-col--md-last vce-col--lg-last vce-col--xl-last vce-col--md-first vce-col--lg-first vce-col--xl-first\" id=\"el-0b311bf2\"><div class=\"vce-col-inner\" data-vce-do-apply=\"border margin background  el-0b311bf2\"><div class=\"vce-col-content\" data-vce-element-content=\"true\" data-vce-do-apply=\"padding el-0b311bf2\"><div class=\"vce-text-block\"><div class=\"vce-text-block-wrapper vce\" id=\"el-5c8d35b7\" data-vce-do-apply=\"all el-5c8d35b7\"><h1>Press<\/h1><\/div><\/div><\/div><\/div><\/div><\/div><\/div><\/div><div class=\"vce-row-container\" data-vce-boxed-width=\"true\"><div class=\"vce-row vce-row--col-gap-30 press-list vce-row-equal-height vce-row-content--top\" id=\"el-2e9edbbc\" data-vce-do-apply=\"all el-2e9edbbc\"><div class=\"vce-content-background-container\"><\/div><div class=\"vce-row-content\" data-vce-element-content=\"true\"><div class=\"vce-col vce-col--md-auto vce-col--xs-1 vce-col--xs-last vce-col--xs-first vce-col--sm-last vce-col--sm-first vce-col--md-first vce-col--lg-first vce-col--xl-first\" id=\"el-71954885\"><div class=\"vce-col-inner\" data-vce-do-apply=\"border margin background  el-71954885\"><div class=\"vce-col-content\" data-vce-element-content=\"true\" data-vce-do-apply=\"padding el-71954885\"><div class=\"vce-text-block\"><div class=\"vce-text-block-wrapper vce\" id=\"el-b18368c5\" data-vce-do-apply=\"all el-b18368c5\"><p><strong>Barcelona.cat <\/strong><a href=\"https:\/\/www.barcelona.cat\/barcelonaciencia\/ca\/actualitat\/entrevistes-fons\/tatiana-kourotchkina-lemergencia-climatica-i-ecologica-esta-unint-a-professionals-de-les-arts-i-de-les-ciencies-per-a-buscar-solucions-possibles-1469627\">Tatiana Kourochkina: \"L'emerg\u00e8ncia clim\u00e0tica i ecol\u00f2gica est\u00e0 unint a professionals de les arts i de les ci\u00e8ncies per a buscar solucions possibles\"<\/a><\/p><hr><p><strong>La Vanguardia <\/strong><a href=\"https:\/\/www.lavanguardia.com\/cultura\/20240204\/9512390\/barcelona-cultura-digital-creatividad-arte-y-ciencia-arco-sonar-artistas.html\">La ventaja cultural barcelonesa a\u00fan por explotar<\/a><\/p><hr><p><strong>La Vanguardia<\/strong> <a href=\"https:\/\/www.lavanguardia.com\/cultura\/20230521\/8982862\/catalanes-isea-paris.html\">Catalanes en el ISEA de Par\u00eds<\/a><\/p><hr><p><strong>Sustainability Worldwide Centre <\/strong><a href=\"https:\/\/sustainability.es\/innovacion\/la-economia-azul-y-la-sostenibilidad-en-las-costas-mediterraneas-centran-el-simposio-internacional-organizado-por-quo-artis-en-barcelona\/\">La econom\u00eda azul y la sostenibilidad en las costas mediterr\u00e1neas centran el simposio internacional organizado por Quo Artis en Barcelona<\/a><\/p><hr><p><strong>La Vanguardia<\/strong> <a href=\"https:\/\/www.lavanguardia.com\/cultura\/20230507\/8947809\/barcelona-economia-azul-arte-copa-del-america.html\">Barcelona y su mar de los cr\u00edmenes<\/a><\/p><hr><p><strong>Act4Planet <\/strong><a href=\"https:\/\/act4planet.com\/la-economia-azul-y-la-sostenibilidad-en-las-costas-mediterraneas-centran-el-simposio-internacional-organizado-por-quo-artis-en-barcelona\/\">La econom\u00eda azul y la sostenibilidad en las costas mediterr\u00e1neas centran el simposio internacional organizado por Quo Artis en Barcelona<\/a><\/p><hr><p><strong>Ciencias ambientales <\/strong><a href=\"https:\/\/www.cienciasambientales.com\/es\/noticias-ambientales\/la-economia-azul-y-la-sostenibilidad-en-las-costas-mediterraneas-centran-el-simposio-internacional-organizado-por-quo-artis-en-barcelona-21586\">La econom\u00eda azul y la sostenibilidad en las costas mediterr\u00e1neas centran el simposio internacional organizado por Quo Artis en Barcelona<\/a><\/p><hr><p><strong>Nouvelles du Monde <\/strong><a href=\"https:\/\/www.nouvelles-du-monde.com\/leconomie-bleue-et-la-durabilite-sur-les-cotes-mediterraneennes-sont-au-centre-du-symposium-international-organise-par-quo-artis-a-barcelone-actualites-environnementales\/\">L\u2019\u00e9conomie bleue et la durabilit\u00e9 sur les c\u00f4tes m\u00e9diterran\u00e9ennes sont au centre du symposium international organis\u00e9 par Quo Artis \u00e0 Barcelone&nbsp;<\/a><\/p><hr><p><strong>La Vanguardia <\/strong><a href=\"https:\/\/www.lavanguardia.com\/cultura\/20230219\/8768109\/mezquida-inteligencia-artificial.html\">Mezquida y la inteligencia artificial<\/a><\/p><hr><p><strong>The Objective&nbsp;<\/strong><a href=\"https:\/\/theobjective.com\/cultura\/2022-10-25\/arte-ciencia-islas-galapagos\/\"> Arte y ciencia se unen para salvar las Islas Gal\u00e1pagos<\/a><\/p><hr><p><strong>Europapress <\/strong><a href=\"https:\/\/www.europapress.es\/sociedad\/medio-ambiente-00647\/noticia-cientificos-reclaman-acuerdo-onu-firma-tratado-internacional-conservacion-oceanos-20220824135740.html\" target=\"_blank\" rel=\"noopener\">Cient\u00edficos reclaman un acuerdo en la ONU para la firma de un tratado internacional sobre la conservaci\u00f3n de los oc\u00e9anos<\/a><\/p><hr><p><strong>Ars Electronica<\/strong>&nbsp;<a href=\"https:\/\/ars.electronica.art\/aeblog\/en\/2022\/08\/23\/opening-day-highlights\/\" target=\"_blank\" rel=\"noopener\" data-saferedirecturl=\"https:\/\/www.google.com\/url?q=https:\/\/ars.electronica.art\/aeblog\/en\/2022\/08\/23\/opening-day-highlights\/&amp;source=gmail&amp;ust=1666173457814000&amp;usg=AOvVaw1FVjFaaCqbDLbfW0KRIsrn\">Opening Day Highlights<\/a><\/p><hr><p><strong>La&nbsp;Vanguardia<\/strong>&nbsp;<a href=\"https:\/\/www.lavanguardia.com\/cultura\/20220907\/8507468\/lecciones-galapagos.html\" target=\"_blank\" rel=\"noopener\" data-saferedirecturl=\"https:\/\/www.google.com\/url?q=https:\/\/www.lavanguardia.com\/cultura\/20220907\/8507468\/lecciones-galapagos.html&amp;source=gmail&amp;ust=1666173457814000&amp;usg=AOvVaw0m8An6FmBqIKiPNTXDoRIp\">Lecciones de Gal\u00e1pagos<\/a><\/p><hr><p><strong>La&nbsp;Vanguardi<\/strong>a&nbsp;<a href=\"https:\/\/www.lavanguardia.com\/cultura\/20220521\/8283974\/sonar-isea-arte-electronico-barcelona-arte-y-ciencia.html\" target=\"_blank\" rel=\"noopener\" data-saferedirecturl=\"https:\/\/www.google.com\/url?q=https:\/\/www.lavanguardia.com\/cultura\/20220521\/8283974\/sonar-isea-arte-electronico-barcelona-arte-y-ciencia.html&amp;source=gmail&amp;ust=1666173457814000&amp;usg=AOvVaw09OOmTDizCvkyGerWpefEp\">Brotes de un gran proyecto cultural<\/a><\/p><\/div><\/div><\/div><\/div><\/div><div class=\"vce-col vce-col--md-auto vce-col--xs-1 vce-col--xs-last vce-col--xs-first vce-col--sm-last vce-col--sm-first\" id=\"el-55500c0c\"><div class=\"vce-col-inner\" data-vce-do-apply=\"border margin background  el-55500c0c\"><div class=\"vce-col-content\" data-vce-element-content=\"true\" data-vce-do-apply=\"padding el-55500c0c\"><div class=\"vce-text-block\"><div class=\"vce-text-block-wrapper vce\" id=\"el-ceeca099\" data-vce-do-apply=\"all el-ceeca099\"><div id=\"el-273ea370\" class=\"vce vce-separator-container vce-separator--align-center vce-separator--style-solid\" data-vce-do-apply=\"margin el-273ea370\"><p style=\"text-align: left;\"><strong>La Vanguardia<\/strong>&nbsp;<a href=\"https:\/\/www.lavanguardia.com\/cultura\/20220529\/8300975\/modernismo-decorado-selfie-sonar-isea-anadol.html\" target=\"_blank\" rel=\"noopener\" data-saferedirecturl=\"https:\/\/www.google.com\/url?q=https:\/\/www.lavanguardia.com\/cultura\/20220529\/8300975\/modernismo-decorado-selfie-sonar-isea-anadol.html&amp;source=gmail&amp;ust=1666173457814000&amp;usg=AOvVaw1hyCkWnj-Gfz4Kq2SaNMmt\">El modernismo no es un decorado de selfie<\/a><\/p><hr><p style=\"text-align: left;\"><strong>La&nbsp;Vanguardia<\/strong>&nbsp;<a href=\"https:\/\/www.lavanguardia.com\/cultura\/20220403\/8172380\/copa-america-mobile-barcelona-2024-economia-azul.html\" target=\"_blank\" rel=\"noopener\" data-saferedirecturl=\"https:\/\/www.google.com\/url?q=https:\/\/www.lavanguardia.com\/cultura\/20220403\/8172380\/copa-america-mobile-barcelona-2024-economia-azul.html&amp;source=gmail&amp;ust=1666173457814000&amp;usg=AOvVaw2oadWVIRBoF85g4pIG8G-d\">El Mobile World Congress del mar<\/a><\/p><hr><p style=\"text-align: left;\"><strong>La&nbsp;Vanguardia<\/strong>&nbsp;<a href=\"https:\/\/www.lavanguardia.com\/cultura\/20220327\/8141720\/antartida-artistas-piratas-performance-ballenas.html\" target=\"_blank\" rel=\"noopener\" data-saferedirecturl=\"https:\/\/www.google.com\/url?q=https:\/\/www.lavanguardia.com\/cultura\/20220327\/8141720\/antartida-artistas-piratas-performance-ballenas.html&amp;source=gmail&amp;ust=1666173457814000&amp;usg=AOvVaw3b7Zc5WN2gsK7bO5He_-es\">La feria de arte m\u00e1s salvaje de la historia<\/a><\/p><hr><p style=\"text-align: left;\"><strong>La&nbsp;Vanguardia<\/strong>&nbsp;<a href=\"https:\/\/www.lavanguardia.com\/cultura\/20211103\/7834429\/que-rara-decadencia.html\" target=\"_blank\" rel=\"noopener\" data-saferedirecturl=\"https:\/\/www.google.com\/url?q=https:\/\/www.lavanguardia.com\/cultura\/20211103\/7834429\/que-rara-decadencia.html&amp;source=gmail&amp;ust=1666173457814000&amp;usg=AOvVaw3pwBGCM4KLZGJrC6mwgngG\">Qu\u00e9 rara decadencia<\/a><\/p><hr><p style=\"text-align: left;\"><strong>La Vanguardia<\/strong> <a href=\"https:\/\/www.lavanguardia.com\/cultura\/20210725\/7622433\/planta-cruel-vegetal-jardin-invasora.html\">Por qu\u00e9 debemos simpatizar con una planta cruel<\/a><\/p><hr><p style=\"text-align: left;\"><strong>Magazine Culture360.asef.org<\/strong><\/p><p style=\"text-align: left;\"><a href=\"https:\/\/culture360.asef.org\/magazine\/creative-responses-sustainability-green-guide-spain-launched\/\">Creative Responses to Sustainability - Green Guide for Spain<\/a><\/p><hr><p style=\"text-align: left;\"><strong>La Vanguardia<br><\/strong> <br><a href=\"https:\/\/www.lavanguardia.com\/vida\/20190212\/46407877416\/una-exposicion-muestra-celulas-humanas-sanas-y-enfermas-en-hospital-sant-pau.html\">Una exposici\u00f3n muestra c\u00e9lulas humanas sanas y enfermas en Hospital Sant Pau<\/a><\/p><hr><p style=\"text-align: left;\"><strong>Itfashion.com<br><\/strong><a href=\"https:\/\/www.itfashion.com\/moda\/disenar-sin-gravedad-asi-vestiremos-en-el-espacio\/\">Dise\u00f1ar sin gravedad: As\u00ed vestiremos en el espacio<\/a><\/p><hr><div class=\"vce-text-block\"><div id=\"el-496046e0\" class=\"vce-text-block-wrapper vce\" style=\"text-align: left;\" data-vce-do-apply=\"all el-496046e0\"><strong>El Mundo<\/strong> <a href=\"https:\/\/www.elmundo.es\/cataluna\/2018\/05\/09\/5af32ce8ca4741955e8b4580.html\">Exoplanetas, tecn\u00f3logos y la NASA en S\u00f3nar+D<\/a><\/div><\/div><div data-vce-do-apply=\"all el-496046e0\"><hr><\/div><p style=\"text-align: left;\"><strong>Catalunya Radio<\/strong><\/p><p style=\"text-align: left;\"><a href=\"https:\/\/www.ccma.cat\/catradio\/alacarta\/popap\/lart-en-gravetat-zero-al-sonard-com-el-crearem-com-el-percebrem\/audio\/1006459\/\">L'art en gravetat zero al S\u00f3nar+D. Com el crearem? Com el percebrem?<\/a><\/p><hr><\/div><p><strong>Frieze<\/strong> <a href=\"https:\/\/frieze.com\/article\/hopeless-utopia\">Hopeless Utopia<\/a><\/p><hr><div id=\"el-273ea370\" class=\"vce vce-separator-container vce-separator--align-center vce-separator--style-solid\" data-vce-do-apply=\"margin el-273ea370\"><p style=\"text-align: left;\"><strong>Le Monde<\/strong><\/p><p style=\"text-align: left;\"><a href=\"https:\/\/www.lemonde.fr\/arts\/article\/2017\/04\/10\/j-ai-embarque-a-bord-de-la-biennale-de-l-antarctique_5108673_1655012.html\">J\u2019ai embarqu\u00e9 \u00e0 bord de la Biennale de l\u2019Antarctique<\/a><\/p><hr><\/div><p><strong>La Vanguardia<\/strong> <a href=\"https:\/\/www.lavanguardia.com\/opinion\/articulos\/20151101\/54437591691\/ideas-para-una-barcelona-aletargada-miquel-molina.html\">Ideas para una Barcelona aletargada<\/a><\/p><hr><p><strong>El Pa\u00eds<\/strong> <a href=\"https:\/\/elpais.com\/cultura\/2021-07-16\/un-jardin-para-repensar-nuestra-relacion-con-las-plantas-desde-la-ciencia-el-arte-la-filosofia-y-la-moda.html?ssm=whatsapp\">Un jard\u00edn para repensar nuestra relaci\u00f3n con las plantas desde la ciencia, el arte, la filosof\u00eda y la moda<\/a><\/p><hr><p><strong>The Guardian<\/strong> <a href=\"https:\/\/www.theguardian.com\/artanddesign\/2019\/feb\/20\/artists-fighting-climate-change?CMP=Share_iOSApp_Other\">From foil-wrapped glaciers to the Alpine storm cyclist: the artists fighting climate change<\/a><\/p><hr><p><strong>ARA<\/strong> <a href=\"https:\/\/mirades.ara.cat\/m3160\">Mirades \u2013 Art cel\u00b7lular&nbsp;<\/a><\/p><hr><div id=\"el-273ea370\" class=\"vce vce-separator-container vce-separator--align-center vce-separator--style-solid\" data-vce-do-apply=\"margin el-273ea370\"><p style=\"text-align: left;\">&nbsp;<\/p><\/div><\/div><\/div><\/div><\/div><\/div><div class=\"vce-col vce-col--md-auto vce-col--xs-1 vce-col--xs-last vce-col--xs-first vce-col--sm-last vce-col--sm-first vce-col--md-last vce-col--lg-last vce-col--xl-last\" id=\"el-988f7fd3\"><div class=\"vce-col-inner\" data-vce-do-apply=\"border margin background  el-988f7fd3\"><div class=\"vce-col-content\" data-vce-element-content=\"true\" data-vce-do-apply=\"padding el-988f7fd3\"><div class=\"vce-text-block\"><div class=\"vce-text-block-wrapper vce\" id=\"el-002e432f\" data-vce-do-apply=\"all el-002e432f\"><div id=\"el-58b00ca9\" class=\"vce-col vce-col--md-auto vce-col--xs-1 vce-col--xs-last vce-col--xs-first vce-col--sm-last vce-col--sm-first\"><div class=\"vce-col-inner\" data-vce-do-apply=\"border margin background el-58b00ca9\"><div class=\"vce-col-content\" data-vce-element-content=\"true\" data-vce-do-apply=\"padding el-58b00ca9\"><div class=\"vce-text-block\"><div id=\"el-a5984205\" class=\"vce-text-block-wrapper vce\" data-vce-do-apply=\"all el-a5984205\"><p><strong>El Pa\u00eds<\/strong> <a href=\"https:\/\/elpais.com\/ccaa\/2018\/05\/09\/catalunya\/1525863961_597820.html\">S\u00f3nar+D viaja al 2043<\/a><\/p><hr><div class=\"vce-text-block\"><div id=\"el-496046e0\" class=\"vce-text-block-wrapper vce\" data-vce-do-apply=\"all el-496046e0\"><strong>ABC<\/strong> <a href=\"https:\/\/www.abc.es\/espana\/catalunya\/abci-sonard-adios-verticalidad-201806150951_noticia.html\">S\u00f3nar+D: adi\u00f3s a la verticalidad<\/a><\/div><\/div><div id=\"el-273ea370\" class=\"vce vce-separator-container vce-separator--align-center vce-separator--style-solid\" data-vce-do-apply=\"margin el-273ea370\"><hr><p style=\"text-align: left;\"><strong>Ib3<\/strong><\/p><p style=\"text-align: left;\"><a href=\"https:\/\/ib3.org\/dotze-entitats-ecologistes-demanen-amb-un-funeral-simbolic-pels-plastics-que-el-govern-aprovi-ja-la-llei-de-residus\">Dotze entitats ecologistes demanen amb un funeral simb\u00f2lic pels pl\u00e0stics que el Govern aprovi ja la Llei de Residus<\/a><\/p><hr><\/div><strong>Clar\u00edn<\/strong> <a href=\"https:\/\/www.clarin.com\/cultura\/primeras-imagenes-bienal-antartica_0_rkuvcX72e.html\">Primeras im\u00e1genes de la Bienal Ant\u00e1rtica<\/a><\/div><\/div><\/div><\/div><\/div><hr><div id=\"el-273ea370\" class=\"vce vce-separator-container vce-separator--align-center vce-separator--style-solid\" data-vce-do-apply=\"margin el-273ea370\"><p style=\"text-align: left;\"><strong>Corriere TV<\/strong><\/p><p style=\"text-align: left;\"><a href=\"https:\/\/video.corriere.it\/glaciator-robot-proteggere-l-antartide\/1175536a-3e0d-11e7-b817-1edf273dd83b\">A salvare il mondo dai virus sar\u00e0 il robot Glaciator<\/a><\/p><\/div><div id=\"el-273ea370\" class=\"vce vce-separator-container vce-separator--align-center vce-separator--style-solid\" data-vce-do-apply=\"margin el-273ea370\"><hr><\/div><p><strong>FEBS - Federation of European Biochemical Societies<\/strong><\/p><p><a href=\"https:\/\/network.febs.org\/posts\/art-and-science-break-boundaries-in-the-garden-of-earthly-delights\">Art and Science break boundaries in The Garden of Earthly Delights<\/a><\/p><hr><p><strong>La Vanguardia<\/strong><\/p><p><a href=\"https:\/\/www.pressreader.com\/spain\/la-vanguardia-1a-edicion\/20190216\/282673278590338\">El antiguo quir\u00f3fano de Sant Pau recrea la tensi\u00f3n entre salud y enfermedad<\/a><\/p><hr><p><strong>Territoris.cat<\/strong><\/p><p><a href=\"https:\/\/www.territoris.cat\/articulo\/altres-noticies\/the-zero-gravity-band-instal%E2%80%A2lacio-immersiva-marc-marzenit-i-albert-barque-porten-sonar-d\/20180505164015048079.html\">The Zero Gravity Band, una instal\u2022laci\u00f3 immersiva que Marc Marzenit i Albert Barqu\u00e9 porten a S\u00f3nar+D<\/a><\/p><hr><p><strong>El Punt Avui<\/strong><\/p><p><a href=\"http:\/\/www.elpuntavui.cat\/cultura\/article\/19-cultura\/1413228-poetica-amb-ginys.html\">Po\u00e8tica amb ginys<\/a><\/p><hr><div class=\"vce-text-block\"><div id=\"el-496046e0\" class=\"vce-text-block-wrapper vce\" data-vce-do-apply=\"all el-496046e0\"><p><strong>La2Noticies<\/strong><\/p><p><a href=\"https:\/\/twitter.com\/la2noticias_tve\/status\/988945012703440898?s=12\">Lo que nos trae S\u00f3nar<\/a><\/p><\/div><\/div><div id=\"el-273ea370\" class=\"vce vce-separator-container vce-separator--align-center vce-separator--style-solid\" data-vce-do-apply=\"margin el-273ea370\"><hr><p style=\"text-align: left;\"><strong>Arsty<\/strong><\/p><p style=\"text-align: left;\"><a href=\"https:\/\/www.artsy.net\/article\/artsy-editorial-art-diary-antarctic-biennale\">Art at the End of the World: A diary from the Antarctic Biennale<\/a><\/p><hr><\/div><p><strong>La Naci\u00f3n<\/strong><\/p><p><a href=\"https:\/\/www.lanacion.com.ar\/opinion\/bienal-antartica-a-orillas-del-fin-del-mundo-nid1998043\">Bienal Ant\u00e1rtica. A orillas del fin del mundo<\/a><\/p><hr><div id=\"el-273ea370\" class=\"vce vce-separator-container vce-separator--align-center vce-separator--style-solid\" data-vce-do-apply=\"margin el-273ea370\"><p style=\"text-align: left;\"><strong>La Vanguardia<\/strong><\/p><p style=\"text-align: left;\"><a href=\"https:\/\/www.lavanguardia.com\/cultura\/20170402\/421370380768\/requiem-por-la-antartida.html\">R\u00e9quiem por la Ant\u00e1rtida<\/a><\/p><\/div><div id=\"el-273ea370\" class=\"vce vce-separator-container vce-separator--align-center vce-separator--style-solid\" data-vce-do-apply=\"margin el-273ea370\"><hr><\/div><\/div><\/div><\/div><\/div><\/div><\/div><\/div><\/div>\n","protected":false},"excerpt":{"rendered":"<p>PressBarcelona.cat Tatiana Kourochkina: &#8220;L&#8217;emerg\u00e8ncia clim\u00e0tica i ecol\u00f2gica est\u00e0 unint a professionals de les arts i de les ci\u00e8ncies per a buscar solucions possibles&#8221;La Vanguardia La ventaja cultural barcelonesa a\u00fan por explotarLa Vanguardia Catalanes en el ISEA de Par\u00edsSustainability Worldwide Centre [&hellip;]<\/p>\n","protected":false},"author":1,"featured_media":0,"parent":0,"menu_order":0,"comment_status":"closed","ping_status":"closed","template":"","meta":{"footnotes":""},"class_list":["post-12021","page","type-page","status-publish","hentry"],"_links":{"self":[{"href":"https:\/\/quoartis.org\/ca\/wp-json\/wp\/v2\/pages\/12021","targetHints":{"allow":["GET"]}}],"collection":[{"href":"https:\/\/quoartis.org\/ca\/wp-json\/wp\/v2\/pages"}],"about":[{"href":"https:\/\/quoartis.org\/ca\/wp-json\/wp\/v2\/types\/page"}],"author":[{"embeddable":true,"href":"https:\/\/quoartis.org\/ca\/wp-json\/wp\/v2\/users\/1"}],"replies":[{"embeddable":true,"href":"https:\/\/quoartis.org\/ca\/wp-json\/wp\/v2\/comments?post=12021"}],"version-history":[{"count":31,"href":"https:\/\/quoartis.org\/ca\/wp-json\/wp\/v2\/pages\/12021\/revisions"}],"predecessor-version":[{"id":17345,"href":"https:\/\/quoartis.org\/ca\/wp-json\/wp\/v2\/pages\/12021\/revisions\/17345"}],"wp:attachment":[{"href":"https:\/\/quoartis.org\/ca\/wp-json\/wp\/v2\/media?parent=12021"}],"curies":[{"name":"wp","href":"https:\/\/api.w.org\/{rel}","templated":true}]}}